{"id":22,"date":"2017-12-18T01:20:58","date_gmt":"2017-12-18T04:20:58","guid":{"rendered":"http:\/\/alejogarcia.cl\/portafolio\/?page_id=22"},"modified":"2019-04-19T00:53:03","modified_gmt":"2019-04-19T03:53:03","slug":"oficina","status":"publish","type":"page","link":"http:\/\/alejogarcia.cl\/portafolio\/oficina\/","title":{"rendered":"Curriculum"},"content":{"rendered":"<div class=\"wpb-content-wrapper\"><p>[vc_row css=&#8221;.vc_custom_1555305324763{margin-left: 60px}&#8221;][vc_column width=&#8221;1\/3&#8243;][vc_single_image image=&#8221;921&#8243; img_size=&#8221;full&#8221; css_animation=&#8221;fadeIn&#8221; el_id=&#8221;foto-alejo&#8221;][vc_column_text el_id=&#8221;datos-cv-movil&#8221;]<\/p>\n<h1 style=\"color: #000000; font-family: Oswald;\">ALEJANDRO GARCI\u0301A MIRANDA<\/h1>\n<div class=\"layoutArea\">\n<div class=\"column\">\n<\/div>\n<\/div>\n<p>[\/vc_column_text][vc_column_text]<\/p>\n<h3 style=\"color: #18de9b; font-family: Oswald; line-height: 35px;\">INFORMACI\u00d3N ACAD\u00c9MICA<\/h3>\n<p><strong>Educaci\u00f3n b\u00e1sica |<\/strong> <em>Alianza Francesa, Lyc\u00e9e<br \/>\nAntoine de Saint-Exup\u00e9ry<\/em>, Santiago.<\/p>\n<p><strong>Educaci\u00f3n Segundaria |<\/strong> <em>Alianza Francesa, Lyc\u00e9e<br \/>\nAntoine de Saint-Exup\u00e9ry<\/em>, Santiago.<\/p>\n<p><strong>Educaci\u00f3n Superior |<\/strong> Titulo de Arquitecto<br \/>\nen Facultad de Arquitectura y Urbanismo,<br \/>\n<em>Universidad de Chile<\/em> \/ a\u00f1o 2009.<\/p>\n<p><strong>Diplomado Modelaci\u00f3n y desarrollo proyectos BIM|<\/strong><br \/>\n<em>Universidad Cat\u00f3lica <\/em>\/ a\u00f1o 2014.[\/vc_column_text][vc_separator color=&#8221;black&#8221;][vc_column_text]<\/p>\n<h3 style=\"color: #18de9b; font-family: Oswald; line-height: 35px;\">ESTUDIOS EN EL EXTRANJERO<\/h3>\n<p><strong>Licenciatura |<\/strong> Licenciado en Arquitectura \/<br \/>\n<em>Ecole Nationale Sup\u00e9rieure d\u2019Architecture de<\/em><br \/>\n<em>Paris-Belleville, Paris<\/em> \/a\u00f1o 2008 \/<br \/>\n<a href=\"http:\/\/www.paris-belleville.archi.fr\" target=\"_blank\" rel=\"noopener noreferrer\">www.paris-belleville.archi.fr<\/a>[\/vc_column_text][vc_separator color=&#8221;black&#8221;][vc_column_text]<\/p>\n<h3 style=\"color: #18de9b; font-family: Oswald;\">IDIOMAS<\/h3>\n<p><strong>Espa\u00f1ol |<\/strong> <em>oral:<\/em> Alto \/ <em>Escrito<\/em>: Alto\/ <em>Traducci\u00f3n<\/em>: Alto<br \/>\n<strong>Franc\u00e9s |<\/strong> <em>oral:<\/em> Alto \/ <em>Escrito<\/em>: Alto\/ <em>Traducci\u00f3n<\/em>: Alto<br \/>\n<strong>Ingl\u00e9s |<\/strong> <em>oral:<\/em> Medio \/ <em>Escrito<\/em>: Medio\/ <em>Traducci\u00f3n<\/em>: Medio[\/vc_column_text][vc_separator color=&#8221;black&#8221;][vc_column_text]<\/p>\n<h3 style=\"color: #18de9b; font-family: Oswald; line-height: 35px;\">MANEJO DE SOFTWARE<\/h3>\n<p><strong>Autocad<\/strong> | Nivel Avanzado<br \/>\n<strong>Google Sketchup Pro<\/strong> | Nivel Experto<br \/>\n<strong>Artlantis Studio<\/strong> | Renderizado Nivel Avanzado<br \/>\n<strong>Adobe Photoshop<\/strong> | Nivel Medio<br \/>\n<strong>Adobe InDesign<\/strong> | Nivel Medio<br \/>\n<strong>Microsoft Office<\/strong> |Nivel Avanzado<br \/>\n<strong>Autodesk Revit<\/strong> | Nivel Medio[\/vc_column_text][\/vc_column][vc_column width=&#8221;2\/3&#8243;][vc_column_text el_id=&#8221;datos-cv-escritorio&#8221;]<\/p>\n<h1 style=\"color: #000000; font-family: Oswald;\">ALEJANDRO GARCI\u0301A MIRANDA<\/h1>\n<div class=\"layoutArea\">\n<div class=\"column\">\n<\/div>\n<\/div>\n<p>[\/vc_column_text][vc_column_text]<\/p>\n<h3 style=\"color: #18de9b; font-family: Oswald; line-height: 35px;\">EXPERIENCIA LABORAL<\/h3>\n<hr \/>\n<p><strong>NUFORM ARQUITECTOS | <\/strong><a href=\"http:\/\/www.nuform.cl\" target=\"_blank\" rel=\"noopener noreferrer\">www.nuform.cl<\/a><br \/>\nCargo| Estudiante de Arquitectura,<br \/>\nDesarrollo de proyectos de vivienda unifamiliar y concursos pu\u0301blicos \/ an\u0303o 2006-2007<\/p>\n<hr \/>\n<p><strong>GUBBINS ARQUITECTOS CONSULTORES |<\/strong> <a href=\"http:\/\/www.gubbinsarquitectos.cl\" target=\"_blank\" rel=\"noopener noreferrer\">www.gubbinsarquitectos.cl<\/a><br \/>\nCargo| Practica profesional<br \/>\nDesarrollo de proyectos Inmobiliarios, Urbanos, Vivienda \/ Segundo semestre an\u0303o 2008<\/p>\n<hr \/>\n<p><strong>LATERAL ARQUITECTURA Y DISE\u00d1O\u00a0<\/strong>| <a href=\"http:\/\/www.lateral.cl\" target=\"_blank\" rel=\"noopener noreferrer\">www.lateral.cl<\/a><br \/>\nCargo | Arquitecto Colaborador \/ an\u0303o 2009 -2011<\/p>\n<p><span style=\"text-decoration: underline;\">DESARROLLO DE PROYECTOS Y CONCURSOS<\/span><\/p>\n<ul>\n<li>Centro Cultural Gabriela Mistral \/ GAM| Arquitecto Colaborador en desarrollo de Proyecto en Construccio\u0301n<\/li>\n<li>Estadio Municipal de Copiapo\u0301 Luis Hermosilla| Arquitecto Colaborador en desarrollo de Proyecto<\/li>\n<li>Casa de Acogida de Mujeres| Arquitecto Encargado en desarrollo completo de Proyecto<\/li>\n<li>Concurso Restauracio\u0301n Mercado de Talca| Arquitecto Colaborador |3er Lugar, 2010<\/li>\n<\/ul>\n<hr \/>\n<p><strong>PLAN ARQUITECTOS LTDA.\u00a0<\/strong>| <a href=\"http:\/\/www.planarquitectos.cl\" target=\"_blank\" rel=\"noopener noreferrer\">www.planarquitectos.cl<\/a><br \/>\nCargo| Arquitecto, Jefe de Taller a\u0301rea Concursos \/ Coordinacio\u0301n y gestio\u0301n de proyectos para Licitaciones pu\u0301blicas\/ trabajo en equipo \/ an\u0303o 2011-2015<\/p>\n<p><span style=\"text-decoration: underline;\">DESARROLLO DE PROYECTOS<\/span><\/p>\n<ul>\n<li>Universidad de Chile| Arquitecto a cargo de proyecto<\/li>\n<li>Universidad de Chile| Arquitecto colaborador de proyecto<\/li>\n<li>Jardi\u0301n Infantil Calabaza II, Vitacura, Santiago| Arquitecto Colaborador en desarrollo de proyecto<\/li>\n<li>Estacionamientos subterra\u0301neos Plaza Tribunales, Santiago| Arquitecto colaborador en desarrollo de proyecto<\/li>\n<li>Estacionamientos subterra\u0301neos y remodelacio\u0301n paseo Almirante Barroso, Valparai\u0301so | Arquitecto colaborador en desarrollo de proyecto<\/li>\n<li>Colaborador en desarrollo de proyecto<\/li>\n<li>Propuesta Estadio Universidad de Chile | Arquitecto a cargo de proyecto<\/li>\n<\/ul>\n<div class=\"page\" title=\"Page 2\">\n<div class=\"layoutArea\">\n<div class=\"column\">\n<p><span style=\"text-decoration: underline;\">CONCURSOS<\/span><\/p>\n<ul>\n<li>Campo deportivo Juan Go\u0301mez Millas U. de Chile, Santiago| Arquitecto a Cargo | 1er Lugar, 2013<\/li>\n<li>Laboratorio de Criminali\u0301stica Central PDI Santiago | Arquitecto a Cargo | 1er Lugar, 2013<\/li>\n<li>Patino\u0301dromo Parque O\u2019Higgins | Arquitecto a Cargo | 1er Lugar, 2013<\/li>\n<li>Tecno Aulas, Facultad Medicina Universidad de Chile, Santiago | Arquitecto a Cargo | 1er Lugar, 2011<\/li>\n<li>Estacionamientos Subterra\u0301neos en Castro, Chiloe\u0301 | Arquitecto a Cargo | 1er Lugar, 2011<\/li>\n<li>Estacionamientos Subterra\u0301neos en Valdivia | Arquitecto a Cargo | 1er Lugar, 2011<\/li>\n<li>Explanada Cerro Santa Luci\u0301a | Arquitecto a Cargo | 2ndo Lugar, 2013<\/li>\n<li>Nacional, Santiago | Arquitecto a Cargo | 2ndo Lugar,2012<\/li>\n<li>Restauracio\u0301n Museo Municipal, Villa Alegre | Arquitecto a Cargo |1er Lugar, 2012<\/li>\n<li>Municipalidad de Linares | Arquitecto a Cargo | 2ndo Lugar, 2011<\/li>\n<li>Disen\u0303o Mercado mayorista Lo Valledor, Santiago | Arquitecto a Cargo | 2ndo Lugar, 2012<\/li>\n<li>PDI Araucani\u0301a | Arquitecto a Cargo | 2011<br \/>\nReposicio\u0301n escuela Monsen\u0303or Manuel Larrai\u0301n, Hualan\u0303e| Arquitecto a Cargo | 2012<\/li>\n<\/ul>\n<hr \/>\n<p><strong>CONTRACT WORKPLACES\u00a0<\/strong>| <a href=\"http:\/\/www.contractworkplaces.com\" target=\"_blank\" rel=\"noopener noreferrer\">www.contractworkplaces.com<\/a><br \/>\nCargo| Arquitecto Disen\u0303ador, a\u0301rea conceptual y desarrollo\/ Disen\u0303o y coordinacio\u0301n de obras de proyectos de oficinas pu\u0301blicas y privadas \/ trabajo en equipo \/ an\u0303o 2016<\/p>\n<p><span style=\"text-decoration: underline;\">DESARROLLO DE PROYECTOS<\/span><\/p>\n<ul>\n<li>Oficinas Mercado Libre Chile \/ Disen\u0303o y desarrollo de Obra. Primer semestre 2016<\/li>\n<li>Oficinas Lenovo Chile\/ Disen\u0303o y desarrollo de Obra. Primer semestre 2016<\/li>\n<li>Oficinas Kuehne + Nagel \/ Disen\u0303o y desarrollo de Obra. Primer semestre 2016<\/li>\n<li>Oficinas Puntoticket \/ Disen\u0303o y desarrollo de Obra. Segundo semestre 2016<\/li>\n<li>Oficinas Ecosalmo\u0301n \/ Disen\u0303o y desarrollo de Obra. Segundo semestre 2016<\/li>\n<li>Oficinas Departamento de Bienestar PDI \/ Disen\u0303o y desarrollo de Obra. \/ Segundo semestre 2016<\/li>\n<\/ul>\n<hr \/>\n<p><strong>ARQUITECTO INDEPENDIENTE <\/strong>| <a href=\"http:\/\/www.alejogarcia.cl\" target=\"_blank\" rel=\"noopener noreferrer\">www.alejogarcia.cl<\/a><br \/>\nCargo| Arquitecto. an\u0303o 2017<\/p>\n<hr \/>\n<p>&nbsp;<\/p>\n<\/div>\n<\/div>\n<\/div>\n<p>[\/vc_column_text][\/vc_column][\/vc_row]<\/p>\n<\/div>","protected":false},"excerpt":{"rendered":"<p>[vc_row css=&#8221;.vc_custom_1555305324763{margin-left: 60px}&#8221;][vc_column width=&#8221;1\/3&#8243;][vc_single_image image=&#8221;921&#8243; img_size=&#8221;full&#8221; css_animation=&#8221;fadeIn&#8221; el_id=&#8221;foto-alejo&#8221;][vc_column_text el_id=&#8221;datos-cv-movil&#8221;] ALEJANDRO GARCI\u0301A MIRANDA [\/vc_column_text][vc_column_text] INFORMACI\u00d3N ACAD\u00c9MICA Educaci\u00f3n b\u00e1sica | Alianza Francesa, Lyc\u00e9e Antoine de Saint-Exup\u00e9ry, Santiago. Educaci\u00f3n Segundaria | Alianza Francesa, Lyc\u00e9e Antoine de Saint-Exup\u00e9ry, Santiago. Educaci\u00f3n Superior | Titulo de Arquitecto en Facultad de Arquitectura y Urbanismo, Universidad de Chile \/ a\u00f1o 2009. Diplomado Modelaci\u00f3n [&hellip;]<\/p>\n","protected":false},"author":1,"featured_media":0,"parent":0,"menu_order":0,"comment_status":"closed","ping_status":"closed","template":"page-nosidebar.php","meta":{"_exactmetrics_skip_tracking":false,"_exactmetrics_sitenote_active":false,"_exactmetrics_sitenote_note":"","_exactmetrics_sitenote_category":0,"footnotes":""},"class_list":["post-22","page","type-page","status-publish","hentry"],"_links":{"self":[{"href":"http:\/\/alejogarcia.cl\/portafolio\/wp-json\/wp\/v2\/pages\/22","targetHints":{"allow":["GET"]}}],"collection":[{"href":"http:\/\/alejogarcia.cl\/portafolio\/wp-json\/wp\/v2\/pages"}],"about":[{"href":"http:\/\/alejogarcia.cl\/portafolio\/wp-json\/wp\/v2\/types\/page"}],"author":[{"embeddable":true,"href":"http:\/\/alejogarcia.cl\/portafolio\/wp-json\/wp\/v2\/users\/1"}],"replies":[{"embeddable":true,"href":"http:\/\/alejogarcia.cl\/portafolio\/wp-json\/wp\/v2\/comments?post=22"}],"version-history":[{"count":36,"href":"http:\/\/alejogarcia.cl\/portafolio\/wp-json\/wp\/v2\/pages\/22\/revisions"}],"predecessor-version":[{"id":1006,"href":"http:\/\/alejogarcia.cl\/portafolio\/wp-json\/wp\/v2\/pages\/22\/revisions\/1006"}],"wp:attachment":[{"href":"http:\/\/alejogarcia.cl\/portafolio\/wp-json\/wp\/v2\/media?parent=22"}],"curies":[{"name":"wp","href":"https:\/\/api.w.org\/{rel}","templated":true}]}}